{"id":22,"date":"2019-07-16T20:43:21","date_gmt":"2019-07-16T19:43:21","guid":{"rendered":"http:\/\/aracsiref.hu\/?page_id=22"},"modified":"2019-09-04T14:44:42","modified_gmt":"2019-09-04T13:44:42","slug":"rolunk","status":"publish","type":"page","link":"https:\/\/aracsiref.hu\/?page_id=22","title":{"rendered":"R\u00f3lunk"},"content":{"rendered":"\n<p>K\u00f6sz\u00f6ntj\u00fck a Balatonar\u00e1csi Reform\u00e1tus Egyh\u00e1zk\u00f6zs\u00e9g honlapj\u00e1n! <\/p>\n\n\n\n<p>A Balatonar\u00e1csi Reform\u00e1tus Egyh\u00e1zk\u00f6zs\u00e9g 1545 k\u00f6r\u00fcl alakult, D\u00e9vai B\u00edr\u00f3 M\u00e1ty\u00e1s hat\u00e1s\u00e1ra. Jelenlegi temploma, \u2013 melyet 1784-86 k\u00f6zt \u00e9p\u00edtettek, neh\u00e9z t\u00f6rt\u00e9nelmi id\u0151szakokon \u00e1t v\u00e9dtek \u00e9s fenntartottak \u2013 ma, Balatonf\u00fcred legr\u00e9gebbi m\u0171k\u00f6d\u0151 templom \u00e9p\u00fclete. A 400 egyh\u00e1ztagot sz\u00e1ml\u00e1l\u00f3 gy\u00fclekezet, a Veszpr\u00e9mi Reform\u00e1tus Egyh\u00e1zmegye negyedik leger\u0151sebb ekl\u00e9zsi\u00e1ja. Lelk\u00e9sze Cs\u00e1sz\u00e1r Attila, 2015. janu\u00e1r 1. \u00f3ta az Egyh\u00e1zmegye esperese, \u00edgy Balatonar\u00e1cs, imm\u00e1ron m\u00e1sodik alkalommal v\u00e1lt esperesi sz\u00e9khelly\u00e9. A gy\u00fclekezet tagjai, a Presbit\u00e9rium vezet\u00e9s\u00e9vel, az Asszony k\u00f6r t\u00e1mogat\u00e1s\u00e1val, igen akt\u00edv, p\u00e9ldamutat\u00f3an sz\u00e9lesk\u00f6r\u0171 k\u00f6z\u00f6ss\u00e9gi tev\u00e9kenys\u00e9get folytat. Felmer\u00fclt az ig\u00e9ny arra, hogy az Egyh\u00e1zk\u00f6zs\u00e9gben foly\u00f3 lelki, szellemi \u00e9s egy\u00e9b k\u00f6z\u00f6ss\u00e9gi esem\u00e9nyekr\u0151l egy \u00e1lland\u00f3an friss\u00fcl\u0151 honlapon kereszt\u00fcl adjunk t\u00e1j\u00e9koztat\u00e1st nem csup\u00e1n gy\u00fclekezet\u00fcnk tagjainak, hanem minden \u00e9rdekl\u0151d\u0151nek is. Ez\u00e9rt, a Reform\u00e1ci\u00f3 500. \u00e9vfordul\u00f3ja alkalm\u00e1b\u00f3l elind\u00edtjuk honlapunkat, amely hivatott bemutatni gy\u00fclekezet\u00fcnk t\u00f6rt\u00e9net\u00e9t, az Istentiszteleteken elhangzott igehirdet\u00e9seket, \u00e9s a k\u00f6z\u00f6ss\u00e9gi \u00e9let legfontosabb esem\u00e9nyeit. A honlapon helyet kapnak a templomban \u00e9s a gy\u00fclekezeti h\u00e1zban tartott rendezv\u00e9nyeink, ki\u00e1ll\u00edt\u00e1saink, szeretetvend\u00e9gs\u00e9geink, k\u00f6z\u00f6s kir\u00e1ndul\u00e1saink, az asszonyk\u00f6r rendezv\u00e9nyei, az egyh\u00e1z- sz\u0151l\u0151ben v\u00e9gzett k\u00f6z\u00f6s munk\u00e1ink, tov\u00e1bb\u00e1 a 2017. szeptember 1-t\u0151l elindult Csillagkert Reform\u00e1tus \u00d3vod\u00e1nk esem\u00e9nyei is. Hamarosan, a f\u00e9nyk\u00e9palbumban a honlap megind\u00edt\u00e1s\u00e1t megel\u0151z\u0151 esem\u00e9nyek fot\u00f3i is megtekinthet\u0151k lesznek. Honlapunkon bemutatjuk, az esperes \u00far \u00e1ltal p\u00e1sztorolt m\u00e1sik k\u00e9t gy\u00fclekezet: Tihany \u00e9s Balatonudvari \u00e9let\u00e9t is. B\u00edzunk benne, hogy a port\u00e1l minden l\u00e1togat\u00f3ja, egyh\u00e1ztagjaink, bar\u00e1taink, szimpatiz\u00e1nsaink egyar\u00e1nt \u00e9rdekesnek \u00e9s hasznosnak tal\u00e1lj\u00e1k a nekik sz\u00f3l\u00f3 inform\u00e1ci\u00f3kat. <\/p>\n\n\n\n<p>\u00c1ld\u00e1s, b\u00e9kess\u00e9g! Istennek dics\u0151s\u00e9g! <\/p>\n\n\n\n<p>Az Ar\u00e1csi Presbit\u00e9rium<\/p>\n\n\n\n<figure class=\"wp-block-image\"><img loading=\"lazy\" decoding=\"async\" width=\"1000\" height=\"664\" src=\"http:\/\/aracsiref.hu\/wp-content\/uploads\/2019\/07\/DSC_0072.jpg\" alt=\"\" class=\"wp-image-150\" srcset=\"https:\/\/aracsiref.hu\/wp-content\/uploads\/2019\/07\/DSC_0072.jpg 1000w, https:\/\/aracsiref.hu\/wp-content\/uploads\/2019\/07\/DSC_0072-300x199.jpg 300w, https:\/\/aracsiref.hu\/wp-content\/uploads\/2019\/07\/DSC_0072-768x510.jpg 768w\" sizes=\"auto, (max-width: 1000px) 100vw, 1000px\" \/><\/figure>\n","protected":false},"excerpt":{"rendered":"<p>K\u00f6sz\u00f6ntj\u00fck a Balatonar\u00e1csi Reform\u00e1tus Egyh\u00e1zk\u00f6zs\u00e9g honlapj\u00e1n! A Balatonar\u00e1csi Reform\u00e1tus Egyh\u00e1zk\u00f6zs\u00e9g 1545 k\u00f6r\u00fcl alakult, D\u00e9vai B\u00edr\u00f3 M\u00e1ty\u00e1s hat\u00e1s\u00e1ra. Jelenlegi temploma, \u2013 melyet 1784-86 k\u00f6zt \u00e9p\u00edtettek, neh\u00e9z t\u00f6rt\u00e9nelmi id\u0151szakokon \u00e1t v\u00e9dtek \u00e9s fenntartottak \u2013 ma, Balatonf\u00fcred legr\u00e9gebbi m\u0171k\u00f6d\u0151 templom \u00e9p\u00fclete. A 400 egyh\u00e1ztagot sz\u00e1ml\u00e1l\u00f3 gy\u00fclekezet, a Veszpr\u00e9mi Reform\u00e1tus Egyh\u00e1zmegye negyedik leger\u0151sebb ekl\u00e9zsi\u00e1ja. Lelk\u00e9sze Cs\u00e1sz\u00e1r Attila, 2015. janu\u00e1r&#8230; <\/p>\n","protected":false},"author":2,"featured_media":0,"parent":0,"menu_order":0,"comment_status":"closed","ping_status":"closed","template":"","meta":{"_monsterinsights_skip_tracking":false,"_monsterinsights_sitenote_active":false,"_monsterinsights_sitenote_note":"","_monsterinsights_sitenote_category":0,"footnotes":""},"class_list":["post-22","page","type-page","status-publish","hentry"],"aioseo_notices":[],"_links":{"self":[{"href":"https:\/\/aracsiref.hu\/index.php?rest_route=\/wp\/v2\/pages\/22","targetHints":{"allow":["GET"]}}],"collection":[{"href":"https:\/\/aracsiref.hu\/index.php?rest_route=\/wp\/v2\/pages"}],"about":[{"href":"https:\/\/aracsiref.hu\/index.php?rest_route=\/wp\/v2\/types\/page"}],"author":[{"embeddable":true,"href":"https:\/\/aracsiref.hu\/index.php?rest_route=\/wp\/v2\/users\/2"}],"replies":[{"embeddable":true,"href":"https:\/\/aracsiref.hu\/index.php?rest_route=%2Fwp%2Fv2%2Fcomments&post=22"}],"version-history":[{"count":3,"href":"https:\/\/aracsiref.hu\/index.php?rest_route=\/wp\/v2\/pages\/22\/revisions"}],"predecessor-version":[{"id":552,"href":"https:\/\/aracsiref.hu\/index.php?rest_route=\/wp\/v2\/pages\/22\/revisions\/552"}],"wp:attachment":[{"href":"https:\/\/aracsiref.hu\/index.php?rest_route=%2Fwp%2Fv2%2Fmedia&parent=22"}],"curies":[{"name":"wp","href":"https:\/\/api.w.org\/{rel}","templated":true}]}}